{"id":36,"date":"2019-05-18T02:08:07","date_gmt":"2019-05-18T05:08:07","guid":{"rendered":"https:\/\/protermica.com.br\/?page_id=36"},"modified":"2019-06-18T09:54:23","modified_gmt":"2019-06-18T12:54:23","slug":"projetos","status":"publish","type":"page","link":"https:\/\/protermica.com.br\/home\/servicos\/projetos\/","title":{"rendered":"Projetos"},"content":{"rendered":"<p style=\"font-weight: 400;\">A Prot\u00e9rmica conta com uma equipe de especialistas composta por t\u00e9cnicos e engenheiros e dedicada na elabora\u00e7\u00e3o e execu\u00e7\u00e3o de projetos de climatiza\u00e7\u00e3o para sistemas de ar condicionado central do tipo expans\u00e3o direta (Split\u00e3o, Rooftop, Self-Contained) e expans\u00e3o indireta (Chiller condensa\u00e7\u00e3o a ar e Chiller condensa\u00e7\u00e3o a \u00e1gua). Oferecemos solu\u00e7\u00e3o para qualquer tipo de ambiente.<\/p>\n<p style=\"font-weight: 400;\">\n","protected":false},"excerpt":{"rendered":"<p>A Prot\u00e9rmica conta com uma equipe de especialistas composta por t\u00e9cnicos e engenheiros e dedicada na elabora\u00e7\u00e3o e execu\u00e7\u00e3o de projetos de climatiza\u00e7\u00e3o para sistemas de ar condicionado central do tipo expans\u00e3o direta (Split\u00e3o, Rooftop, Self-Contained) e expans\u00e3o indireta (Chiller condensa\u00e7\u00e3o a ar e Chiller condensa\u00e7\u00e3o a \u00e1gua). Oferecemos solu\u00e7\u00e3o para qualquer tipo de ambiente.<\/p>\n","protected":false},"author":1,"featured_media":38,"parent":34,"menu_order":0,"comment_status":"closed","ping_status":"closed","template":"","meta":[],"yoast_head":"<!-- This site is optimized with the Yoast SEO plugin v16.1.1 - https:\/\/yoast.com\/wordpress\/plugins\/seo\/ -->\n<title>Projetos | Prot\u00e9rmica<\/title>\n<link rel=\"canonical\" href=\"https:\/\/protermica.com.br\/home\/servicos\/projetos\/\" \/>\n<meta property=\"og:locale\" content=\"pt_BR\" \/>\n<meta property=\"og:type\" content=\"article\" \/>\n<meta property=\"og:title\" content=\"Projetos | Prot\u00e9rmica\" \/>\n<meta property=\"og:description\" content=\"A Prot\u00e9rmica conta com uma equipe de especialistas composta por t\u00e9cnicos e engenheiros e dedicada na elabora\u00e7\u00e3o e execu\u00e7\u00e3o de projetos de climatiza\u00e7\u00e3o para sistemas de ar condicionado central do tipo expans\u00e3o direta (Split\u00e3o, Rooftop, Self-Contained) e expans\u00e3o indireta (Chiller condensa\u00e7\u00e3o a ar e Chiller condensa\u00e7\u00e3o a \u00e1gua). Oferecemos solu\u00e7\u00e3o para qualquer tipo de ambiente.\" \/>\n<meta property=\"og:url\" content=\"https:\/\/protermica.com.br\/home\/servicos\/projetos\/\" \/>\n<meta property=\"og:site_name\" content=\"Prot\u00e9rmica\" \/>\n<meta property=\"article:modified_time\" content=\"2019-06-18T12:54:23+00:00\" \/>\n<meta property=\"og:image\" content=\"https:\/\/protermica.com.br\/wp-content\/uploads\/2019\/05\/projetos.png\" \/>\n\t<meta property=\"og:image:width\" content=\"696\" \/>\n\t<meta property=\"og:image:height\" content=\"260\" \/>\n<meta name=\"twitter:card\" content=\"summary_large_image\" \/>\n<script type=\"application\/ld+json\" class=\"yoast-schema-graph\">{\"@context\":\"https:\/\/schema.org\",\"@graph\":[{\"@type\":\"WebSite\",\"@id\":\"https:\/\/protermica.com.br\/home\/#website\",\"url\":\"https:\/\/protermica.com.br\/home\/\",\"name\":\"Prot\\u00e9rmica\",\"description\":\"\",\"potentialAction\":[{\"@type\":\"SearchAction\",\"target\":\"https:\/\/protermica.com.br\/home\/?s={search_term_string}\",\"query-input\":\"required name=search_term_string\"}],\"inLanguage\":\"pt-BR\"},{\"@type\":\"ImageObject\",\"@id\":\"https:\/\/protermica.com.br\/home\/servicos\/projetos\/#primaryimage\",\"inLanguage\":\"pt-BR\",\"url\":\"https:\/\/protermica.com.br\/wp-content\/uploads\/2019\/05\/projetos.png\",\"contentUrl\":\"https:\/\/protermica.com.br\/wp-content\/uploads\/2019\/05\/projetos.png\",\"width\":696,\"height\":260},{\"@type\":\"WebPage\",\"@id\":\"https:\/\/protermica.com.br\/home\/servicos\/projetos\/#webpage\",\"url\":\"https:\/\/protermica.com.br\/home\/servicos\/projetos\/\",\"name\":\"Projetos | Prot\\u00e9rmica\",\"isPartOf\":{\"@id\":\"https:\/\/protermica.com.br\/home\/#website\"},\"primaryImageOfPage\":{\"@id\":\"https:\/\/protermica.com.br\/home\/servicos\/projetos\/#primaryimage\"},\"datePublished\":\"2019-05-18T05:08:07+00:00\",\"dateModified\":\"2019-06-18T12:54:23+00:00\",\"breadcrumb\":{\"@id\":\"https:\/\/protermica.com.br\/home\/servicos\/projetos\/#breadcrumb\"},\"inLanguage\":\"pt-BR\",\"potentialAction\":[{\"@type\":\"ReadAction\",\"target\":[\"https:\/\/protermica.com.br\/home\/servicos\/projetos\/\"]}]},{\"@type\":\"BreadcrumbList\",\"@id\":\"https:\/\/protermica.com.br\/home\/servicos\/projetos\/#breadcrumb\",\"itemListElement\":[{\"@type\":\"ListItem\",\"position\":1,\"item\":{\"@type\":\"WebPage\",\"@id\":\"https:\/\/protermica.com.br\/home\/\",\"url\":\"https:\/\/protermica.com.br\/home\/\",\"name\":\"In\\u00edcio\"}},{\"@type\":\"ListItem\",\"position\":2,\"item\":{\"@type\":\"WebPage\",\"@id\":\"https:\/\/protermica.com.br\/home\/servicos\/\",\"url\":\"https:\/\/protermica.com.br\/home\/servicos\/\",\"name\":\"Servi\\u00e7os\"}},{\"@type\":\"ListItem\",\"position\":3,\"item\":{\"@type\":\"WebPage\",\"@id\":\"https:\/\/protermica.com.br\/home\/servicos\/projetos\/\",\"url\":\"https:\/\/protermica.com.br\/home\/servicos\/projetos\/\",\"name\":\"Projetos\"}}]}]}<\/script>\n<!-- \/ Yoast SEO plugin. -->","_links":{"self":[{"href":"https:\/\/protermica.com.br\/home\/wp-json\/wp\/v2\/pages\/36"}],"collection":[{"href":"https:\/\/protermica.com.br\/home\/wp-json\/wp\/v2\/pages"}],"about":[{"href":"https:\/\/protermica.com.br\/home\/wp-json\/wp\/v2\/types\/page"}],"author":[{"embeddable":true,"href":"https:\/\/protermica.com.br\/home\/wp-json\/wp\/v2\/users\/1"}],"replies":[{"embeddable":true,"href":"https:\/\/protermica.com.br\/home\/wp-json\/wp\/v2\/comments?post=36"}],"version-history":[{"count":1,"href":"https:\/\/protermica.com.br\/home\/wp-json\/wp\/v2\/pages\/36\/revisions"}],"predecessor-version":[{"id":374,"href":"https:\/\/protermica.com.br\/home\/wp-json\/wp\/v2\/pages\/36\/revisions\/374"}],"up":[{"embeddable":true,"href":"https:\/\/protermica.com.br\/home\/wp-json\/wp\/v2\/pages\/34"}],"wp:featuredmedia":[{"embeddable":true,"href":"https:\/\/protermica.com.br\/home\/wp-json\/wp\/v2\/media\/38"}],"wp:attachment":[{"href":"https:\/\/protermica.com.br\/home\/wp-json\/wp\/v2\/media?parent=36"}],"curies":[{"name":"wp","href":"https:\/\/api.w.org\/{rel}","templated":true}]}}