{"id":8,"date":"2019-05-14T21:30:59","date_gmt":"2019-05-15T00:30:59","guid":{"rendered":"https:\/\/protermica.com.br\/?page_id=8"},"modified":"2019-06-17T09:41:42","modified_gmt":"2019-06-17T12:41:42","slug":"empresa","status":"publish","type":"page","link":"https:\/\/protermica.com.br\/home\/empresa\/","title":{"rendered":"Empresa"},"content":{"rendered":"<p><span style=\"font-weight: 400;\">A Prot\u00e9rmica Climatiza\u00e7\u00e3o foi fundada em abril de 2000, em Florian\u00f3polis. O sonho dos fundadores \u2013 os s\u00f3cios e engenheiros Daniel Janeri e Jurandir Dar\u00e9 Rocha \u2013 era transformar a empresa em uma grande incorporadora de engenharia na \u00e1rea de climatiza\u00e7\u00e3o de ambientes. E deu certo. <\/span><\/p>\n<p><span style=\"font-weight: 400;\">Sempre atuando no mais alto grau de comprometimento com a satisfa\u00e7\u00e3o dos clientes, a Prot\u00e9rmica avan\u00e7ou no prop\u00f3sito de crescer e hoje \u00e9 l\u00edder no seu segmento. <\/span><\/p>\n<p><span style=\"font-weight: 400;\">Nossos servi\u00e7os incluem projetos de instala\u00e7\u00e3o, manuten\u00e7\u00e3o e assessoria em sistemas de climatiza\u00e7\u00e3o, com \u00eanfase na \u00e1rea de ar condicionado central, ventila\u00e7\u00e3o, aquecimento e controle de umidade. Ou seja, o que fazemos \u00e9 resolver a climatiza\u00e7\u00e3o de sua empresa de uma vez por todas, gerando conforto t\u00e9rmico para seus funcion\u00e1rios e clientes.<\/span><\/p>\n<p><span style=\"font-weight: 400;\">Nossos projetos atendem as \u00e1reas de ind\u00fastria, com\u00e9rcio e servi\u00e7os em todo o territ\u00f3rio nacional. <\/span><\/p>\n<p><span style=\"font-weight: 400;\">Temos orgulho de j\u00e1 ter levado conforto em climatiza\u00e7\u00e3o para dezenas de supermercados, hipermercados, shopping centers, lojas de departamento, bancos, cl\u00ednicas e hospitais. <\/span><\/p>\n<p><span style=\"font-weight: 400;\">E temos mais orgulho ainda de boa parte dos nossos clientes terem sido indicados por quem j\u00e1 \u00e9 cliente e conhece de perto o nosso comprometimento em entregar resultados.<\/span><\/p>\n<p><span style=\"font-weight: 400;\">Comprometimento que \u00e9 filosofia de trabalho do corpo diretivo de engenheiros e dos cerca de 100 funcion\u00e1rios diretos e terceirizados, altamente capacitados.<\/span><\/p>\n<p><span style=\"font-weight: 400;\">Agora que voc\u00ea j\u00e1 conhece um pouco de quem somos, fique \u00e0 vontade para entrar em contato. <\/span><\/p>\n<p>&nbsp;<\/p>\n<p>&nbsp;<\/p>\n<p><span style=\"font-weight: 400; font-size: 24pt; color: #cb1112;\">Valores<\/span><\/p>\n<p><b>Compromisso<\/b><span style=\"font-weight: 400;\"><br \/>\n<\/span><span style=\"font-weight: 400;\">Satisfa\u00e7\u00e3o dos clientes com pre\u00e7o competitivo e prazo de entrega.<\/span><\/p>\n<p>&nbsp;<\/p>\n<p><b>Consci\u00eancia<\/b><span style=\"font-weight: 400;\"><br \/>\n<\/span><span style=\"font-weight: 400;\">Atua\u00e7\u00e3o \u00e9tica e respons\u00e1vel com a sociedade, meio ambiente e colaboradores.<\/span><\/p>\n<p>&nbsp;<\/p>\n<p><b>Companheirismo<\/b><span style=\"font-weight: 400;\"><br \/>\n<\/span><span style=\"font-weight: 400;\">Construir em equipe: sabendo ouvir, respeitando e ajudando os colegas de trabalho.<\/span><\/p>\n<p>&nbsp;<\/p>\n<p><b>Criatividade<\/b><span style=\"font-weight: 400;\"><br \/>\n<\/span><span style=\"font-weight: 400;\">Gerar id\u00e9ias e solu\u00e7\u00f5es inovadoras.<\/span><\/p>\n<p>&nbsp;<\/p>\n<p><b>Transpar\u00eancia<\/b><span style=\"font-weight: 400;\"><br \/>\n<\/span><span style=\"font-weight: 400;\">Relacionamento com integridade, responsabilidade e honestidade.<\/span><\/p>\n<p>&nbsp;<\/p>\n<p><b>Qualidade<\/b><span style=\"font-weight: 400;\"><br \/>\n<\/span><span style=\"font-weight: 400;\">Compet\u00eancia, capacidade diferenciada de encontrar solu\u00e7\u00f5es.<\/span><\/p>\n<p>&nbsp;<\/p>\n<p><span style=\"font-weight: 400; font-size: 24pt; color: #cb1112;\">Miss\u00e3o<\/span><\/p>\n<p><span style=\"font-weight: 400;\">Gerar ideias e solu\u00e7\u00f5es inovadoras e atuar com excel\u00eancia, resultando na satisfa\u00e7\u00e3o de nossos clientes e buscando sempre a \u00e9tica e a responsabilidade com a sociedade, meio ambiente e colaboradores.<\/span><\/p>\n<p><span style=\"font-weight: 400; font-size: 24pt; color: #cb1112;\">Vis\u00e3o<\/span><\/p>\n<p><span style=\"font-weight: 400;\">Ser l\u00edder de mercado dentro de nosso segmento, atendendo todos os estados do Brasil e sendo reconhecida como uma das melhores empresas para se trabalhar.<\/span><\/p>\n<h2><\/h2>\n","protected":false},"excerpt":{"rendered":"<p>A Prot\u00e9rmica Climatiza\u00e7\u00e3o foi fundada em abril de 2000, em Florian\u00f3polis. O sonho dos fundadores \u2013 os s\u00f3cios e engenheiros Daniel Janeri e Jurandir Dar\u00e9 Rocha \u2013 era transformar a empresa em uma grande incorporadora de engenharia na \u00e1rea de climatiza\u00e7\u00e3o de ambientes. E deu certo. Sempre atuando no mais alto grau de comprometimento com [&hellip;]<\/p>\n","protected":false},"author":1,"featured_media":367,"parent":0,"menu_order":0,"comment_status":"closed","ping_status":"closed","template":"","meta":[],"yoast_head":"<!-- This site is optimized with the Yoast SEO plugin v16.1.1 - https:\/\/yoast.com\/wordpress\/plugins\/seo\/ -->\n<title>Empresa | Prot\u00e9rmica<\/title>\n<link rel=\"canonical\" href=\"https:\/\/protermica.com.br\/home\/empresa\/\" \/>\n<meta property=\"og:locale\" content=\"pt_BR\" \/>\n<meta property=\"og:type\" content=\"article\" \/>\n<meta property=\"og:title\" content=\"Empresa | Prot\u00e9rmica\" \/>\n<meta property=\"og:description\" content=\"A Prot\u00e9rmica Climatiza\u00e7\u00e3o foi fundada em abril de 2000, em Florian\u00f3polis. O sonho dos fundadores \u2013 os s\u00f3cios e engenheiros Daniel Janeri e Jurandir Dar\u00e9 Rocha \u2013 era transformar a empresa em uma grande incorporadora de engenharia na \u00e1rea de climatiza\u00e7\u00e3o de ambientes. E deu certo. Sempre atuando no mais alto grau de comprometimento com [&hellip;]\" \/>\n<meta property=\"og:url\" content=\"https:\/\/protermica.com.br\/home\/empresa\/\" \/>\n<meta property=\"og:site_name\" content=\"Prot\u00e9rmica\" \/>\n<meta property=\"article:modified_time\" content=\"2019-06-17T12:41:42+00:00\" \/>\n<meta property=\"og:image\" content=\"https:\/\/protermica.com.br\/wp-content\/uploads\/2019\/06\/Foto-07-1024x334.jpg\" \/>\n\t<meta property=\"og:image:width\" content=\"1024\" \/>\n\t<meta property=\"og:image:height\" content=\"334\" \/>\n<meta name=\"twitter:card\" content=\"summary_large_image\" \/>\n<meta name=\"twitter:label1\" content=\"Est. tempo de leitura\">\n\t<meta name=\"twitter:data1\" content=\"2 minutos\">\n<script type=\"application\/ld+json\" class=\"yoast-schema-graph\">{\"@context\":\"https:\/\/schema.org\",\"@graph\":[{\"@type\":\"WebSite\",\"@id\":\"https:\/\/protermica.com.br\/home\/#website\",\"url\":\"https:\/\/protermica.com.br\/home\/\",\"name\":\"Prot\\u00e9rmica\",\"description\":\"\",\"potentialAction\":[{\"@type\":\"SearchAction\",\"target\":\"https:\/\/protermica.com.br\/home\/?s={search_term_string}\",\"query-input\":\"required name=search_term_string\"}],\"inLanguage\":\"pt-BR\"},{\"@type\":\"ImageObject\",\"@id\":\"https:\/\/protermica.com.br\/home\/empresa\/#primaryimage\",\"inLanguage\":\"pt-BR\",\"url\":\"https:\/\/protermica.com.br\/wp-content\/uploads\/2019\/06\/Foto-07.jpg\",\"contentUrl\":\"https:\/\/protermica.com.br\/wp-content\/uploads\/2019\/06\/Foto-07.jpg\",\"width\":4012,\"height\":1308},{\"@type\":\"WebPage\",\"@id\":\"https:\/\/protermica.com.br\/home\/empresa\/#webpage\",\"url\":\"https:\/\/protermica.com.br\/home\/empresa\/\",\"name\":\"Empresa | Prot\\u00e9rmica\",\"isPartOf\":{\"@id\":\"https:\/\/protermica.com.br\/home\/#website\"},\"primaryImageOfPage\":{\"@id\":\"https:\/\/protermica.com.br\/home\/empresa\/#primaryimage\"},\"datePublished\":\"2019-05-15T00:30:59+00:00\",\"dateModified\":\"2019-06-17T12:41:42+00:00\",\"breadcrumb\":{\"@id\":\"https:\/\/protermica.com.br\/home\/empresa\/#breadcrumb\"},\"inLanguage\":\"pt-BR\",\"potentialAction\":[{\"@type\":\"ReadAction\",\"target\":[\"https:\/\/protermica.com.br\/home\/empresa\/\"]}]},{\"@type\":\"BreadcrumbList\",\"@id\":\"https:\/\/protermica.com.br\/home\/empresa\/#breadcrumb\",\"itemListElement\":[{\"@type\":\"ListItem\",\"position\":1,\"item\":{\"@type\":\"WebPage\",\"@id\":\"https:\/\/protermica.com.br\/home\/\",\"url\":\"https:\/\/protermica.com.br\/home\/\",\"name\":\"In\\u00edcio\"}},{\"@type\":\"ListItem\",\"position\":2,\"item\":{\"@type\":\"WebPage\",\"@id\":\"https:\/\/protermica.com.br\/home\/empresa\/\",\"url\":\"https:\/\/protermica.com.br\/home\/empresa\/\",\"name\":\"Empresa\"}}]}]}<\/script>\n<!-- \/ Yoast SEO plugin. -->","_links":{"self":[{"href":"https:\/\/protermica.com.br\/home\/wp-json\/wp\/v2\/pages\/8"}],"collection":[{"href":"https:\/\/protermica.com.br\/home\/wp-json\/wp\/v2\/pages"}],"about":[{"href":"https:\/\/protermica.com.br\/home\/wp-json\/wp\/v2\/types\/page"}],"author":[{"embeddable":true,"href":"https:\/\/protermica.com.br\/home\/wp-json\/wp\/v2\/users\/1"}],"replies":[{"embeddable":true,"href":"https:\/\/protermica.com.br\/home\/wp-json\/wp\/v2\/comments?post=8"}],"version-history":[{"count":3,"href":"https:\/\/protermica.com.br\/home\/wp-json\/wp\/v2\/pages\/8\/revisions"}],"predecessor-version":[{"id":106,"href":"https:\/\/protermica.com.br\/home\/wp-json\/wp\/v2\/pages\/8\/revisions\/106"}],"wp:featuredmedia":[{"embeddable":true,"href":"https:\/\/protermica.com.br\/home\/wp-json\/wp\/v2\/media\/367"}],"wp:attachment":[{"href":"https:\/\/protermica.com.br\/home\/wp-json\/wp\/v2\/media?parent=8"}],"curies":[{"name":"wp","href":"https:\/\/api.w.org\/{rel}","templated":true}]}}